{"id":914,"date":"2017-06-25T16:48:45","date_gmt":"2017-06-25T14:48:45","guid":{"rendered":"https:\/\/www.combraillesdurables.fr\/\/?page_id=914"},"modified":"2024-01-09T15:10:01","modified_gmt":"2024-01-09T14:10:01","slug":"__trashed","status":"publish","type":"page","link":"https:\/\/www.combraillesdurables.fr\/index.php\/__trashed\/","title":{"rendered":"Mentions l\u00e9gales"},"content":{"rendered":"<p>[et_pb_section fb_built=\u00a0\u00bb1&Prime; admin_label=\u00a0\u00bbsection\u00a0\u00bb _builder_version=\u00a0\u00bb4.16&Prime; transparent_background=\u00a0\u00bboff\u00a0\u00bb global_colors_info=\u00a0\u00bb{}\u00a0\u00bb][et_pb_row admin_label=\u00a0\u00bbrow\u00a0\u00bb _builder_version=\u00a0\u00bb4.16&Prime; background_size=\u00a0\u00bbinitial\u00a0\u00bb background_position=\u00a0\u00bbtop_left\u00a0\u00bb background_repeat=\u00a0\u00bbrepeat\u00a0\u00bb global_colors_info=\u00a0\u00bb{}\u00a0\u00bb][et_pb_column type=\u00a0\u00bb4_4&Prime; _builder_version=\u00a0\u00bb4.16&Prime; custom_padding=\u00a0\u00bb|||\u00a0\u00bb global_colors_info=\u00a0\u00bb{}\u00a0\u00bb custom_padding__hover=\u00a0\u00bb|||\u00a0\u00bb][et_pb_text admin_label=\u00a0\u00bbTexte\u00a0\u00bb _builder_version=\u00a0\u00bb4.16&Prime; background_size=\u00a0\u00bbinitial\u00a0\u00bb background_position=\u00a0\u00bbtop_left\u00a0\u00bb background_repeat=\u00a0\u00bbrepeat\u00a0\u00bb use_border_color=\u00a0\u00bboff\u00a0\u00bb border_style=\u00a0\u00bbsolid\u00a0\u00bb global_colors_info=\u00a0\u00bb{}\u00a0\u00bb]<\/p>\n<p><strong style=\"font-size: 18px; color: rgba(0, 0, 0, 0.709804);\">Statuts de Combrailles Durables :<\/strong><\/p>\n<p><a href=\"http:\/\/u.pc.cd\/MUlitalK\" target=\"_blank\" rel=\"noopener noreferrer\">T\u00e9l\u00e9charger<\/a> les statuts de Combrailles Durables<\/p>\n<p>&nbsp;<\/p>\n<p><strong>Cr\u00e9ation :<\/strong><\/p>\n<p>Conception et r\u00e9alisation : Anouk Le Quilleuc, Jeanne Lethielleux, Val\u00e9rie Sol<\/p>\n<p>pour<\/p>\n<p><strong>Raison sociale :<\/strong><\/p>\n<p>Combrailles Durables, SCIC-SA<\/p>\n<p>Le Bourg &#8211; 63410 Loubeyrat<\/p>\n<p>SIREN : 513 291 724<\/p>\n<p><strong>Responsable de publication :<\/strong> Nelly Lafaye<\/p>\n<p><strong>Maintenance :<\/strong><\/p>\n<p>Loca-web.net Si\u00e8ge social : Lieu dit Les Chanteaux 63460 Montcel Siret : 804 950 954 00011 n\u00b0TVA : FR44804950954<\/p>\n<p>H\u00e9bergeur : Infomaniak RCS : CHE-103.167.648 Si\u00e8ge social : Rue Eug\u00e8ne-Marziano 25 \u2013 1227 Les Acacias \u2013 Suisse<\/p>\n<hr \/>\n<p>&nbsp;<\/p>\n<h3>1 \u2013 Cr\u00e9dits photographiques<\/h3>\n<p>L\u2019ensemble des images et photographies sont la propri\u00e9t\u00e9 de la SCIC Combrailles Durables<\/p>\n<p>&nbsp;<\/p>\n<h3>2 \u2013 Conditions d\u2019utilisations<\/h3>\n<p>La SCIC Combrailles Durables fournit ses services sous r\u00e9serve que vous vous engagiez \u00e0 respecter les pr\u00e9sentes conditions d\u2019utilisation que la SCIC Combrailles Durables sera libre de modifier \u00e0 tout moment.<\/p>\n<p>&nbsp;<\/p>\n<h3>3 \u2013 Propri\u00e9t\u00e9 intellectuelle<\/h3>\n<p>En accord avec les lois r\u00e9gissant la propri\u00e9t\u00e9 intellectuelle, la reproduction ou l\u2019utilisation des \u00e9l\u00e9ments se trouvant dans ce site Internet, en totalit\u00e9 ou en partie est strictement interdite. Seules sont maintenues les exceptions l\u00e9gales dont notamment la repr\u00e9sentation dans le cadre du cercle de famille, la copie priv\u00e9e ou le droit de courte citation.<\/p>\n<p>Ainsi, tous les textes, photos, logos, marques et autres \u00e9l\u00e9ments reproduits sur ce site sont r\u00e9serv\u00e9s et prot\u00e9g\u00e9s par le droit de la propri\u00e9t\u00e9 intellectuelle (droit auteur, droit voisin, droit des marques\u2026).<\/p>\n<p>Toute repr\u00e9sentation totale ou partielle de ce site par quelque proc\u00e9d\u00e9 que ce soit, sans l\u2019autorisation expresse de l\u2019exploitant du site Internet est interdite et constituerait une contrefa\u00e7on sanctionn\u00e9e par les articles L 335-2 et suivants du Code de la propri\u00e9t\u00e9 intellectuelle.<\/p>\n<p>Il en est de m\u00eame des \u00e9ventuelles bases de donn\u00e9es figurant sur le site Internet qui sont prot\u00e9g\u00e9es par les dispositions de la loi du 11 juillet 1998 portant transposition dans le Code de la propri\u00e9t\u00e9 intellectuelle (CPI) de la directive europ\u00e9enne du 11 mars 1996 relative \u00e0 la protection juridique des bases de donn\u00e9es.<\/p>\n<p>&nbsp;<\/p>\n<h3 id=\"donnees\">4 \u2013 Donn\u00e9es personnelles<\/h3>\n<p>Les informations recueillies via les formulaires sont enregistr\u00e9es dans un fichier informatis\u00e9 par Combrailles Durables dont le seul but est de vous tenir inform\u00e9 de notre actualit\u00e9. Elles resteront confidentielles et feront pas l\u2019objet de transfert \u00e0 d\u2019autres soci\u00e9t\u00e9s ou organismes.<br \/>Elles sont conserv\u00e9es pendant 3 ans et sont destin\u00e9es aux membres du groupe communication de la SCIC.<br \/>Conform\u00e9ment \u00e0 la\u00a0<a href=\"https:\/\/www.cnil.fr\/fr\/loi-78-17-du-6-janvier-1978-modifiee\">loi \u00ab informatique et libert\u00e9s \u00bb<\/a>, vous pouvez exercer votre droit d\u2019acc\u00e8s aux donn\u00e9es vous concernant et les faire rectifier en contactant : info(at)combraillesdurables.fr<br \/>Nous vous informons de l\u2019existence de la liste d\u2019opposition au d\u00e9marchage t\u00e9l\u00e9phonique \u00ab Bloctel \u00bb, sur laquelle vous pouvez vous\u00a0<a href=\"https:\/\/conso.bloctel.fr\/\">inscrire ici<\/a>.<\/p>\n<p>Ce site utilise \u00e9galement un logiciel de statistique, qui g\u00e9n\u00e8re un cookie avec un identifiant unique, dont la dur\u00e9e de conservation est limit\u00e9e \u00e0 13 mois. L\u2019outil utilis\u00e9 collecte \u00e9galement votre adresse IP, afin de d\u00e9terminer la ville depuis laquelle vous vous connectez. Celle-ci est imm\u00e9diatement anonymis\u00e9e apr\u00e8s utilisation. Personne ne peut donc remonter par ce biais \u00e0 une personne physique. Les donn\u00e9es recueillies ne sont pas c\u00e9d\u00e9es \u00e0 des tiers ni utilis\u00e9es \u00e0 d\u2019autres fins.<br \/>Vous pouvez choisir de refuser les cookies et l\u2019analyse statistique de vos donn\u00e9es de navigation.pour faire ce choix, cliquez ci-dessous pour recevoir un cookie d\u2019exclusion.<\/p>\n<p id=\"textOptIn\">Cookie d&rsquo;exclusion install\u00e9. Vos visites sur ce site web ne seront PAS enregistr\u00e9es par notre outil d&rsquo;analyse web. Note : si vous nettoyez vos cookies et supprimez le cookie d&rsquo;exclusion, ou bien si vous changez d&rsquo;ordinateur et\/ou de navigateur, il vous faudra de nouveau effectuer la proc\u00e9dure d&rsquo;exclusion.<\/p>\n<p><iframe loading=\"lazy\" style=\"background: #FFF; border: 0; height: 200px; width: 100%;\" src=\"https:\/\/statistiques.loca-web.net\/index.php?module=CoreAdminHome&amp;action=optOut&amp;language=fr\" width=\"300\" height=\"150\"><span style=\"width: 0px; line-height: 0;\" class=\"mce_SELRES_start\"><\/span><\/iframe><\/p>\n<h3>5 \u2013 Responsabilit\u00e9<\/h3>\n<p>La SCIC Combrailles Durables d\u00e9cline toute responsabilit\u00e9 pour les difficult\u00e9s rencontr\u00e9es lors de l\u2019acc\u00e8s \u00e0 son site ou pour toute d\u00e9faillance de communication.<\/p>\n<p>La SCIC Combrailles Durables se r\u00e9serve la possibilit\u00e9 de modifier, d\u2019interrompre temporairement ou de fa\u00e7on permanente, toute ou une partie du site, sans pr\u00e9avis. Bois des territoires du Massif ne pourra en aucun cas \u00eatre tenu pour responsable \u00e0 votre encontre ou \u00e0 l\u2019encontre d\u2019un tiers de toute modification, interruption ou suspension du site.<\/p>\n<p>&nbsp;<\/p>\n<h3>6 \u2013 Liens hypertextes<\/h3>\n<p>Vous \u00eates libres d\u2019\u00e9tablir des liens vers ce site dans la mesure o\u00f9 ils ne portent pas atteinte \u00e0 l\u2019image de son \u00e9diteur. Vous \u00eates autoris\u00e9s \u00e0 \u00e9tablir des liens vers les pages du site au format : html, php, xml.<\/p>\n<p>La pratique du framing est interdite de m\u00eame que toute autre pratique ou technique susceptible d\u2019engendrer une confusion dans l\u2019esprit du public.<\/p>\n<p>Sont prohib\u00e9s les liens profonds vers les documents aux formats pdf, Doc, ou rtf. En effet, ce type de document ne permet pas de prendre connaissance des pr\u00e9sentes conditions d\u2019utilisation.<\/p>\n<p>La SCIC Combrailles Durables n\u2019est en aucun cas responsable du contenu des sites Internet accessibles \u00e0 travers son site web.<\/p>\n<p>Derni\u00e8re mise \u00e0 jour le 28 mai 2021.<\/p>\n<p>[\/et_pb_text][et_pb_text admin_label=\u00a0\u00bbTexte\u00a0\u00bb _builder_version=\u00a0\u00bb4.16&Prime; background_size=\u00a0\u00bbinitial\u00a0\u00bb background_position=\u00a0\u00bbtop_left\u00a0\u00bb background_repeat=\u00a0\u00bbrepeat\u00a0\u00bb use_border_color=\u00a0\u00bboff\u00a0\u00bb border_style=\u00a0\u00bbsolid\u00a0\u00bb global_colors_info=\u00a0\u00bb{}\u00a0\u00bb locked=\u00a0\u00bboff\u00a0\u00bb]<\/p>\n<p><strong style=\"font-size: 18px; color: rgba(0, 0, 0, 0.709804);\">Statuts de Combrailles Durables :<\/strong><\/p>\n<p><a href=\"http:\/\/u.pc.cd\/MUlitalK\" target=\"_blank\" rel=\"noopener noreferrer\">T\u00e9l\u00e9charger<\/a> les statuts de Combrailles Durables<\/p>\n<p>&nbsp;<\/p>\n<p><strong>Cr\u00e9ation :<\/strong><\/p>\n<p>Conception et r\u00e9alisation : Anouk Le Quilleuc, Jeanne Lethielleux, Val\u00e9rie Sol<\/p>\n<p>pour<\/p>\n<p><strong>Raison sociale :<\/strong><\/p>\n<p>Combrailles Durables, SCIC-SA<\/p>\n<p>Le Bourg &#8211; 63410 Loubeyrat<\/p>\n<p>SIREN : 513 291 724<\/p>\n<p><strong>Responsable de publication :<\/strong> Nelly Lafaye<\/p>\n<p><strong>Maintenance :<\/strong><\/p>\n<p>Loca-web.net Si\u00e8ge social :Lieu dit Les Chanteaux 63460\u00a0Montcel Siret :\u00a0804 950 954 00011 n\u00b0TVA :\u00a0FR44804950954<\/p>\n<p>H\u00e9bergeur : Infomaniak RCS : CHE-103.167.648 Si\u00e8ge social : Rue Eug\u00e8ne-Marziano 25 \u2013 1227 Les Acacias \u2013 Suisse<\/p>\n<hr \/>\n<p>&nbsp;<\/p>\n<h3>1 \u2013 Cr\u00e9dits photographiques<\/h3>\n<p>L\u2019ensemble des images et photographies sont la propri\u00e9t\u00e9 de la SCIC Combrailles Durables<\/p>\n<p>&nbsp;<\/p>\n<h3>2 \u2013 Conditions d\u2019utilisations<\/h3>\n<p>La SCIC Combrailles Durables fournit ses services sous r\u00e9serve que vous vous engagiez \u00e0 respecter les pr\u00e9sentes conditions d\u2019utilisation que la SCIC Combrailles Durables sera libre de modifier \u00e0 tout moment.<\/p>\n<p>&nbsp;<\/p>\n<h3>3 \u2013 Propri\u00e9t\u00e9 intellectuelle<\/h3>\n<p>En accord avec les lois r\u00e9gissant la propri\u00e9t\u00e9 intellectuelle, la reproduction ou l\u2019utilisation des \u00e9l\u00e9ments se trouvant dans ce site Internet, en totalit\u00e9 ou en partie est strictement interdite. Seules sont maintenues les exceptions l\u00e9gales dont notamment la repr\u00e9sentation dans le cadre du cercle de famille, la copie priv\u00e9e ou le droit de courte citation.<\/p>\n<p>Ainsi, tous les textes, photos, logos, marques et autres \u00e9l\u00e9ments reproduits sur ce site sont r\u00e9serv\u00e9s et prot\u00e9g\u00e9s par le droit de la propri\u00e9t\u00e9 intellectuelle (droit auteur, droit voisin, droit des marques\u2026).<\/p>\n<p>Toute repr\u00e9sentation totale ou partielle de ce site par quelque proc\u00e9d\u00e9 que ce soit, sans l\u2019autorisation expresse de l\u2019exploitant du site Internet est interdite et constituerait une contrefa\u00e7on sanctionn\u00e9e par les articles L 335-2 et suivants du Code de la propri\u00e9t\u00e9 intellectuelle.<\/p>\n<p>Il en est de m\u00eame des \u00e9ventuelles bases de donn\u00e9es figurant sur le site Internet qui sont prot\u00e9g\u00e9es par les dispositions de la loi du 11 juillet 1998 portant transposition dans le Code de la propri\u00e9t\u00e9 intellectuelle (CPI) de la directive europ\u00e9enne du 11 mars 1996 relative \u00e0 la protection juridique des bases de donn\u00e9es.<\/p>\n<p>&nbsp;<\/p>\n<h3 id=\"donnees\">4 \u2013 Donn\u00e9es personnelles<\/h3>\n<p>Les informations recueillies via les formulaires sont enregistr\u00e9es dans un fichier informatis\u00e9 par Combrailles Durables dont le seul but est de vous tenir inform\u00e9 de notre actualit\u00e9. Elles resteront confidentielles et feront pas l\u2019objet de transfert \u00e0 d\u2019autres soci\u00e9t\u00e9s ou organismes.<br \/>Elles sont conserv\u00e9es pendant 3 ans et sont destin\u00e9es aux membres du groupe communication de la SCIC.<br \/>Conform\u00e9ment \u00e0 la\u00a0<a href=\"https:\/\/www.cnil.fr\/fr\/loi-78-17-du-6-janvier-1978-modifiee\">loi \u00ab informatique et libert\u00e9s \u00bb<\/a>, vous pouvez exercer votre droit d\u2019acc\u00e8s aux donn\u00e9es vous concernant et les faire rectifier en contactant : info(at)combraillesdurables.fr<br \/>Nous vous informons de l\u2019existence de la liste d\u2019opposition au d\u00e9marchage t\u00e9l\u00e9phonique \u00ab Bloctel \u00bb, sur laquelle vous pouvez vous\u00a0<a href=\"https:\/\/conso.bloctel.fr\/\">inscrire ici<\/a>.<\/p>\n<p>Ce site utilise \u00e9galement un logiciel de statistique, qui g\u00e9n\u00e8re un cookie avec un identifiant unique, dont la dur\u00e9e de conservation est limit\u00e9e \u00e0 13 mois. L\u2019outil utilis\u00e9 collecte \u00e9galement votre adresse IP, afin de d\u00e9terminer la ville depuis laquelle vous vous connectez. Celle-ci est imm\u00e9diatement anonymis\u00e9e apr\u00e8s utilisation. Personne ne peut donc remonter par ce biais \u00e0 une personne physique. Les donn\u00e9es recueillies ne sont pas c\u00e9d\u00e9es \u00e0 des tiers ni utilis\u00e9es \u00e0 d\u2019autres fins.<br \/>Vous pouvez choisir de refuser les cookies et l\u2019analyse statistique de vos donn\u00e9es de navigation.pour faire ce choix, cliquez ci-dessous pour recevoir un cookie d\u2019exclusion.<\/p>\n<p id=\"textOptIn\">Cookie d&rsquo;exclusion install\u00e9. Vos visites sur ce site web ne seront PAS enregistr\u00e9es par notre outil d&rsquo;analyse web. Note : si vous nettoyez vos cookies et supprimez le cookie d&rsquo;exclusion, ou bien si vous changez d&rsquo;ordinateur et\/ou de navigateur, il vous faudra de nouveau effectuer la proc\u00e9dure d&rsquo;exclusion.<\/p>\n<p><iframe loading=\"lazy\" style=\"background: #FFF; border: 0; height: 200px; width: 100%;\" src=\"https:\/\/statistiques.loca-web.net\/index.php?module=CoreAdminHome&amp;action=optOut&amp;language=fr\" width=\"300\" height=\"150\"><span style=\"width: 0px; line-height: 0;\" class=\"mce_SELRES_start\"><\/span><\/iframe><\/p>\n<h3>5 \u2013 Responsabilit\u00e9<\/h3>\n<p>La SCIC Combrailles Durables d\u00e9cline toute responsabilit\u00e9 pour les difficult\u00e9s rencontr\u00e9es lors de l\u2019acc\u00e8s \u00e0 son site ou pour toute d\u00e9faillance de communication.<\/p>\n<p>La SCIC Combrailles Durables se r\u00e9serve la possibilit\u00e9 de modifier, d\u2019interrompre temporairement ou de fa\u00e7on permanente, toute ou une partie du site, sans pr\u00e9avis. Bois des territoires du Massif ne pourra en aucun cas \u00eatre tenu pour responsable \u00e0 votre encontre ou \u00e0 l\u2019encontre d\u2019un tiers de toute modification, interruption ou suspension du site.<\/p>\n<p>&nbsp;<\/p>\n<h3>6 \u2013 Liens hypertextes<\/h3>\n<p>Vous \u00eates libres d\u2019\u00e9tablir des liens vers ce site dans la mesure o\u00f9 ils ne portent pas atteinte \u00e0 l\u2019image de son \u00e9diteur. Vous \u00eates autoris\u00e9s \u00e0 \u00e9tablir des liens vers les pages du site au format : html, php, xml.<\/p>\n<p>La pratique du framing est interdite de m\u00eame que toute autre pratique ou technique susceptible d\u2019engendrer une confusion dans l\u2019esprit du public.<\/p>\n<p>Sont prohib\u00e9s les liens profonds vers les documents aux formats pdf, Doc, ou rtf. En effet, ce type de document ne permet pas de prendre connaissance des pr\u00e9sentes conditions d\u2019utilisation.<\/p>\n<p>La SCIC Combrailles Durables n\u2019est en aucun cas responsable du contenu des sites Internet accessibles \u00e0 travers son site web.<\/p>\n<p>Derni\u00e8re mise \u00e0 jour le 28 mai 2021.<\/p>\n<p>[\/et_pb_text][et_pb_text admin_label=\u00a0\u00bbTexte\u00a0\u00bb _builder_version=\u00a0\u00bb4.16&Prime; background_size=\u00a0\u00bbinitial\u00a0\u00bb background_position=\u00a0\u00bbtop_left\u00a0\u00bb background_repeat=\u00a0\u00bbrepeat\u00a0\u00bb use_border_color=\u00a0\u00bboff\u00a0\u00bb border_style=\u00a0\u00bbsolid\u00a0\u00bb global_colors_info=\u00a0\u00bb{}\u00a0\u00bb locked=\u00a0\u00bboff\u00a0\u00bb]<\/p>\n<p><strong style=\"font-size: 18px; color: rgba(0, 0, 0, 0.709804);\">Statuts de Combrailles Durables :<\/strong><\/p>\n<p><a href=\"http:\/\/u.pc.cd\/MUlitalK\" target=\"_blank\" rel=\"noopener noreferrer\">T\u00e9l\u00e9charger<\/a> les statuts de Combrailles Durables<\/p>\n<p>&nbsp;<\/p>\n<p><strong>Cr\u00e9ation :<\/strong><\/p>\n<p>Conception et r\u00e9alisation : Anouk Le Quilleuc, Jeanne Lethielleux, Val\u00e9rie Sol<\/p>\n<p>pour<\/p>\n<p><strong>Raison sociale :<\/strong><\/p>\n<p>Combrailles Durables, SCIC-SA<\/p>\n<p>Le Bourg &#8211; 63410 Loubeyrat<\/p>\n<p>SIREN : 513 291 724<\/p>\n<p><strong>Responsable de publication :<\/strong> Nelly Lafaye<\/p>\n<p>Maintenance :<\/p>\n<p>Loca-web.net Si\u00e8ge social :Lieu dit Les Chanteaux 63460\u00a0Montcel Siret :\u00a0804 950 954 00011 n\u00b0TVA :\u00a0FR44804950954<\/p>\n<p>H\u00e9bergeur : Infomaniak RCS : CHE-103.167.648 Si\u00e8ge social : Rue Eug\u00e8ne-Marziano 25 \u2013 1227 Les Acacias \u2013 Suisse<\/p>\n<hr \/>\n<p>&nbsp;<\/p>\n<h3>1 \u2013 Cr\u00e9dits photographiques<\/h3>\n<p>L\u2019ensemble des images et photographies sont la propri\u00e9t\u00e9 de la SCIC Combrailles Durables<\/p>\n<p>&nbsp;<\/p>\n<h3>2 \u2013 Conditions d\u2019utilisations<\/h3>\n<p>La SCIC Combrailles Durables fournit ses services sous r\u00e9serve que vous vous engagiez \u00e0 respecter les pr\u00e9sentes conditions d\u2019utilisation que la SCIC Combrailles Durables sera libre de modifier \u00e0 tout moment.<\/p>\n<p>&nbsp;<\/p>\n<h3>3 \u2013 Propri\u00e9t\u00e9 intellectuelle<\/h3>\n<p>En accord avec les lois r\u00e9gissant la propri\u00e9t\u00e9 intellectuelle, la reproduction ou l\u2019utilisation des \u00e9l\u00e9ments se trouvant dans ce site Internet, en totalit\u00e9 ou en partie est strictement interdite. Seules sont maintenues les exceptions l\u00e9gales dont notamment la repr\u00e9sentation dans le cadre du cercle de famille, la copie priv\u00e9e ou le droit de courte citation.<\/p>\n<p>Ainsi, tous les textes, photos, logos, marques et autres \u00e9l\u00e9ments reproduits sur ce site sont r\u00e9serv\u00e9s et prot\u00e9g\u00e9s par le droit de la propri\u00e9t\u00e9 intellectuelle (droit auteur, droit voisin, droit des marques\u2026).<\/p>\n<p>Toute repr\u00e9sentation totale ou partielle de ce site par quelque proc\u00e9d\u00e9 que ce soit, sans l\u2019autorisation expresse de l\u2019exploitant du site Internet est interdite et constituerait une contrefa\u00e7on sanctionn\u00e9e par les articles L 335-2 et suivants du Code de la propri\u00e9t\u00e9 intellectuelle.<\/p>\n<p>Il en est de m\u00eame des \u00e9ventuelles bases de donn\u00e9es figurant sur le site Internet qui sont prot\u00e9g\u00e9es par les dispositions de la loi du 11 juillet 1998 portant transposition dans le Code de la propri\u00e9t\u00e9 intellectuelle (CPI) de la directive europ\u00e9enne du 11 mars 1996 relative \u00e0 la protection juridique des bases de donn\u00e9es.<\/p>\n<p>&nbsp;<\/p>\n<h3 id=\"donnees\">4 \u2013 Donn\u00e9es personnelles<\/h3>\n<p>Les informations recueillies via les formulaires sont enregistr\u00e9es dans un fichier informatis\u00e9 par Combrailles Durables dont le seul but est de vous tenir inform\u00e9 de notre actualit\u00e9. Elles resteront confidentielles et feront pas l\u2019objet de transfert \u00e0 d\u2019autres soci\u00e9t\u00e9s ou organismes.<br \/>Elles sont conserv\u00e9es pendant 3 ans et sont destin\u00e9es aux membres du groupe communication de la SCIC.<br \/>Conform\u00e9ment \u00e0 la\u00a0<a href=\"https:\/\/www.cnil.fr\/fr\/loi-78-17-du-6-janvier-1978-modifiee\">loi \u00ab informatique et libert\u00e9s \u00bb<\/a>, vous pouvez exercer votre droit d\u2019acc\u00e8s aux donn\u00e9es vous concernant et les faire rectifier en contactant : info(at)combraillesdurables.fr<br \/>Nous vous informons de l\u2019existence de la liste d\u2019opposition au d\u00e9marchage t\u00e9l\u00e9phonique \u00ab Bloctel \u00bb, sur laquelle vous pouvez vous\u00a0<a href=\"https:\/\/conso.bloctel.fr\/\">inscrire ici<\/a>.<\/p>\n<p>Ce site utilise \u00e9galement un logiciel de statistique, qui g\u00e9n\u00e8re un cookie avec un identifiant unique, dont la dur\u00e9e de conservation est limit\u00e9e \u00e0 13 mois. L\u2019outil utilis\u00e9 collecte \u00e9galement votre adresse IP, afin de d\u00e9terminer la ville depuis laquelle vous vous connectez. Celle-ci est imm\u00e9diatement anonymis\u00e9e apr\u00e8s utilisation. Personne ne peut donc remonter par ce biais \u00e0 une personne physique. Les donn\u00e9es recueillies ne sont pas c\u00e9d\u00e9es \u00e0 des tiers ni utilis\u00e9es \u00e0 d\u2019autres fins.<br \/>Vous pouvez choisir de refuser les cookies et l\u2019analyse statistique de vos donn\u00e9es de navigation.pour faire ce choix, cliquez ci-dessous pour recevoir un cookie d\u2019exclusion.<\/p>\n<p id=\"textOptIn\">Cookie d&rsquo;exclusion install\u00e9. Vos visites sur ce site web ne seront PAS enregistr\u00e9es par notre outil d&rsquo;analyse web. Note : si vous nettoyez vos cookies et supprimez le cookie d&rsquo;exclusion, ou bien si vous changez d&rsquo;ordinateur et\/ou de navigateur, il vous faudra de nouveau effectuer la proc\u00e9dure d&rsquo;exclusion.<\/p>\n<p><iframe loading=\"lazy\" style=\"background: #FFF; border: 0; height: 200px; width: 100%;\" src=\"https:\/\/statistiques.loca-web.net\/index.php?module=CoreAdminHome&amp;action=optOut&amp;language=fr\" width=\"300\" height=\"150\"><span style=\"width: 0px; line-height: 0;\" class=\"mce_SELRES_start\"><\/span><\/iframe><\/p>\n<h3>5 \u2013 Responsabilit\u00e9<\/h3>\n<p>La SCIC Combrailles Durables d\u00e9cline toute responsabilit\u00e9 pour les difficult\u00e9s rencontr\u00e9es lors de l\u2019acc\u00e8s \u00e0 son site ou pour toute d\u00e9faillance de communication.<\/p>\n<p>La SCIC Combrailles Durables se r\u00e9serve la possibilit\u00e9 de modifier, d\u2019interrompre temporairement ou de fa\u00e7on permanente, toute ou une partie du site, sans pr\u00e9avis. Bois des territoires du Massif ne pourra en aucun cas \u00eatre tenu pour responsable \u00e0 votre encontre ou \u00e0 l\u2019encontre d\u2019un tiers de toute modification, interruption ou suspension du site.<\/p>\n<p>&nbsp;<\/p>\n<h3>6 \u2013 Liens hypertextes<\/h3>\n<p>Vous \u00eates libres d\u2019\u00e9tablir des liens vers ce site dans la mesure o\u00f9 ils ne portent pas atteinte \u00e0 l\u2019image de son \u00e9diteur. Vous \u00eates autoris\u00e9s \u00e0 \u00e9tablir des liens vers les pages du site au format : html, php, xml.<\/p>\n<p>La pratique du framing est interdite de m\u00eame que toute autre pratique ou technique susceptible d\u2019engendrer une confusion dans l\u2019esprit du public.<\/p>\n<p>Sont prohib\u00e9s les liens profonds vers les documents aux formats pdf, Doc, ou rtf. En effet, ce type de document ne permet pas de prendre connaissance des pr\u00e9sentes conditions d\u2019utilisation.<\/p>\n<p>La SCIC Combrailles Durables n\u2019est en aucun cas responsable du contenu des sites Internet accessibles \u00e0 travers son site web.<\/p>\n<p>Derni\u00e8re mise \u00e0 jour le 28 mai 2021.<\/p>\n<p>[\/et_pb_text][\/et_pb_column][\/et_pb_row][\/et_pb_section]<\/p>\n","protected":false},"excerpt":{"rendered":"<p>Statuts de Combrailles Durables : T\u00e9l\u00e9charger les statuts de Combrailles Durables &nbsp; Cr\u00e9ation : Conception et r\u00e9alisation : Anouk Le Quilleuc, Jeanne Lethielleux, Val\u00e9rie Sol pour Raison sociale : Combrailles [&hellip;]<\/p>\n","protected":false},"author":1,"featured_media":0,"parent":0,"menu_order":0,"comment_status":"closed","ping_status":"closed","template":"","meta":{"_et_pb_use_builder":"on","_et_pb_old_content":"Editeur du site :\r\nCombrailles Durables, SCIC-SA\r\nLe Bourg, 63410 Loubeyrat\r\n\r\nNotre h\u00e9bergeur :\r\nOVH SAS au capital de 10 069 020 \u20ac\r\nRCS Lille M\u00e9tropole 424 761 419 00045\r\nCode APE 2620Z\r\nN\u00b0 TVA : FR 22 424 761 419\r\nN\u00b0 de siret : 513 291 724 00013\r\nSi\u00e8ge social : 2 rue Kellermann - 59100 Roubaix - France.\r\n\r\nResponsable de publication :\r\nNelly Lafaye\r\n\r\nConception et r\u00e9alisation :\r\nAnouk Le Quilleuc et Jeanne Lethielleux","_et_gb_content_width":"","footnotes":""},"class_list":["post-914","page","type-page","status-publish","hentry"],"yoast_head":"<!-- This site is optimized with the Yoast SEO plugin v27.5 - https:\/\/yoast.com\/product\/yoast-seo-wordpress\/ -->\n<title>Mentions l\u00e9gales - Combrailles Durables<\/title>\n<meta name=\"robots\" content=\"index, follow, max-snippet:-1, max-image-preview:large, max-video-preview:-1\" \/>\n<link rel=\"canonical\" href=\"https:\/\/www.combraillesdurables.fr\/index.php\/__trashed\/\" \/>\n<meta property=\"og:locale\" content=\"fr_FR\" \/>\n<meta property=\"og:type\" content=\"article\" \/>\n<meta property=\"og:title\" content=\"Mentions l\u00e9gales - Combrailles Durables\" \/>\n<meta property=\"og:description\" content=\"Statuts de Combrailles Durables : T\u00e9l\u00e9charger les statuts de Combrailles Durables &nbsp; Cr\u00e9ation : Conception et r\u00e9alisation : Anouk Le Quilleuc, Jeanne Lethielleux, Val\u00e9rie Sol pour Raison sociale : Combrailles [&hellip;]\" \/>\n<meta property=\"og:url\" content=\"https:\/\/www.combraillesdurables.fr\/index.php\/__trashed\/\" \/>\n<meta property=\"og:site_name\" content=\"Combrailles Durables\" \/>\n<meta property=\"article:publisher\" content=\"https:\/\/www.facebook.com\/CombraillesDurables\/\" \/>\n<meta property=\"article:modified_time\" content=\"2024-01-09T14:10:01+00:00\" \/>\n<meta name=\"twitter:card\" content=\"summary_large_image\" \/>\n<meta name=\"twitter:site\" content=\"@CombraillesD\" \/>\n<meta name=\"twitter:label1\" content=\"Dur\u00e9e de lecture estim\u00e9e\" \/>\n\t<meta name=\"twitter:data1\" content=\"4 minutes\" \/>\n<script type=\"application\/ld+json\" class=\"yoast-schema-graph\">{\"@context\":\"https:\\\/\\\/schema.org\",\"@graph\":[{\"@type\":\"WebPage\",\"@id\":\"https:\\\/\\\/www.combraillesdurables.fr\\\/index.php\\\/__trashed\\\/\",\"url\":\"https:\\\/\\\/www.combraillesdurables.fr\\\/index.php\\\/__trashed\\\/\",\"name\":\"Mentions l\u00e9gales - Combrailles Durables\",\"isPartOf\":{\"@id\":\"https:\\\/\\\/www.combraillesdurables.fr\\\/#website\"},\"datePublished\":\"2017-06-25T14:48:45+00:00\",\"dateModified\":\"2024-01-09T14:10:01+00:00\",\"breadcrumb\":{\"@id\":\"https:\\\/\\\/www.combraillesdurables.fr\\\/index.php\\\/__trashed\\\/#breadcrumb\"},\"inLanguage\":\"fr-FR\",\"potentialAction\":[{\"@type\":\"ReadAction\",\"target\":[\"https:\\\/\\\/www.combraillesdurables.fr\\\/index.php\\\/__trashed\\\/\"]}]},{\"@type\":\"BreadcrumbList\",\"@id\":\"https:\\\/\\\/www.combraillesdurables.fr\\\/index.php\\\/__trashed\\\/#breadcrumb\",\"itemListElement\":[{\"@type\":\"ListItem\",\"position\":1,\"name\":\"Accueil\",\"item\":\"https:\\\/\\\/www.combraillesdurables.fr\\\/\"},{\"@type\":\"ListItem\",\"position\":2,\"name\":\"Mentions l\u00e9gales\"}]},{\"@type\":\"WebSite\",\"@id\":\"https:\\\/\\\/www.combraillesdurables.fr\\\/#website\",\"url\":\"https:\\\/\\\/www.combraillesdurables.fr\\\/\",\"name\":\"Combrailles Durables\",\"description\":\"L&#039;appropriation citoyenne de l&#039;\u00e9nergie\",\"publisher\":{\"@id\":\"https:\\\/\\\/www.combraillesdurables.fr\\\/#organization\"},\"potentialAction\":[{\"@type\":\"SearchAction\",\"target\":{\"@type\":\"EntryPoint\",\"urlTemplate\":\"https:\\\/\\\/www.combraillesdurables.fr\\\/?s={search_term_string}\"},\"query-input\":{\"@type\":\"PropertyValueSpecification\",\"valueRequired\":true,\"valueName\":\"search_term_string\"}}],\"inLanguage\":\"fr-FR\"},{\"@type\":\"Organization\",\"@id\":\"https:\\\/\\\/www.combraillesdurables.fr\\\/#organization\",\"name\":\"Combrailles Durables\",\"url\":\"https:\\\/\\\/www.combraillesdurables.fr\\\/\",\"logo\":{\"@type\":\"ImageObject\",\"inLanguage\":\"fr-FR\",\"@id\":\"https:\\\/\\\/www.combraillesdurables.fr\\\/#\\\/schema\\\/logo\\\/image\\\/\",\"url\":\"http:\\\/\\\/www.combraillesdurables.fr\\\/wp-content\\\/uploads\\\/2017\\\/07\\\/Logo_cd_sans_titre.jpg\",\"contentUrl\":\"http:\\\/\\\/www.combraillesdurables.fr\\\/wp-content\\\/uploads\\\/2017\\\/07\\\/Logo_cd_sans_titre.jpg\",\"width\":1032,\"height\":1434,\"caption\":\"Combrailles Durables\"},\"image\":{\"@id\":\"https:\\\/\\\/www.combraillesdurables.fr\\\/#\\\/schema\\\/logo\\\/image\\\/\"},\"sameAs\":[\"https:\\\/\\\/www.facebook.com\\\/CombraillesDurables\\\/\",\"https:\\\/\\\/x.com\\\/CombraillesD\",\"https:\\\/\\\/www.linkedin.com\\\/company\\\/coop\u00e9rative-citoyenne-combrailles-durables\\\/\",\"https:\\\/\\\/www.youtube.com\\\/watch?v=YWw-GFuIsps&amp;amp;amp;amp;amp;list=PLonBK8rvh98W_VSh2nlgNYeloVzJkG61u\"]}]}<\/script>\n<!-- \/ Yoast SEO plugin. -->","yoast_head_json":{"title":"Mentions l\u00e9gales - Combrailles Durables","robots":{"index":"index","follow":"follow","max-snippet":"max-snippet:-1","max-image-preview":"max-image-preview:large","max-video-preview":"max-video-preview:-1"},"canonical":"https:\/\/www.combraillesdurables.fr\/index.php\/__trashed\/","og_locale":"fr_FR","og_type":"article","og_title":"Mentions l\u00e9gales - Combrailles Durables","og_description":"Statuts de Combrailles Durables : T\u00e9l\u00e9charger les statuts de Combrailles Durables &nbsp; Cr\u00e9ation : Conception et r\u00e9alisation : Anouk Le Quilleuc, Jeanne Lethielleux, Val\u00e9rie Sol pour Raison sociale : Combrailles [&hellip;]","og_url":"https:\/\/www.combraillesdurables.fr\/index.php\/__trashed\/","og_site_name":"Combrailles Durables","article_publisher":"https:\/\/www.facebook.com\/CombraillesDurables\/","article_modified_time":"2024-01-09T14:10:01+00:00","twitter_card":"summary_large_image","twitter_site":"@CombraillesD","twitter_misc":{"Dur\u00e9e de lecture estim\u00e9e":"4 minutes"},"schema":{"@context":"https:\/\/schema.org","@graph":[{"@type":"WebPage","@id":"https:\/\/www.combraillesdurables.fr\/index.php\/__trashed\/","url":"https:\/\/www.combraillesdurables.fr\/index.php\/__trashed\/","name":"Mentions l\u00e9gales - Combrailles Durables","isPartOf":{"@id":"https:\/\/www.combraillesdurables.fr\/#website"},"datePublished":"2017-06-25T14:48:45+00:00","dateModified":"2024-01-09T14:10:01+00:00","breadcrumb":{"@id":"https:\/\/www.combraillesdurables.fr\/index.php\/__trashed\/#breadcrumb"},"inLanguage":"fr-FR","potentialAction":[{"@type":"ReadAction","target":["https:\/\/www.combraillesdurables.fr\/index.php\/__trashed\/"]}]},{"@type":"BreadcrumbList","@id":"https:\/\/www.combraillesdurables.fr\/index.php\/__trashed\/#breadcrumb","itemListElement":[{"@type":"ListItem","position":1,"name":"Accueil","item":"https:\/\/www.combraillesdurables.fr\/"},{"@type":"ListItem","position":2,"name":"Mentions l\u00e9gales"}]},{"@type":"WebSite","@id":"https:\/\/www.combraillesdurables.fr\/#website","url":"https:\/\/www.combraillesdurables.fr\/","name":"Combrailles Durables","description":"L&#039;appropriation citoyenne de l&#039;\u00e9nergie","publisher":{"@id":"https:\/\/www.combraillesdurables.fr\/#organization"},"potentialAction":[{"@type":"SearchAction","target":{"@type":"EntryPoint","urlTemplate":"https:\/\/www.combraillesdurables.fr\/?s={search_term_string}"},"query-input":{"@type":"PropertyValueSpecification","valueRequired":true,"valueName":"search_term_string"}}],"inLanguage":"fr-FR"},{"@type":"Organization","@id":"https:\/\/www.combraillesdurables.fr\/#organization","name":"Combrailles Durables","url":"https:\/\/www.combraillesdurables.fr\/","logo":{"@type":"ImageObject","inLanguage":"fr-FR","@id":"https:\/\/www.combraillesdurables.fr\/#\/schema\/logo\/image\/","url":"http:\/\/www.combraillesdurables.fr\/wp-content\/uploads\/2017\/07\/Logo_cd_sans_titre.jpg","contentUrl":"http:\/\/www.combraillesdurables.fr\/wp-content\/uploads\/2017\/07\/Logo_cd_sans_titre.jpg","width":1032,"height":1434,"caption":"Combrailles Durables"},"image":{"@id":"https:\/\/www.combraillesdurables.fr\/#\/schema\/logo\/image\/"},"sameAs":["https:\/\/www.facebook.com\/CombraillesDurables\/","https:\/\/x.com\/CombraillesD","https:\/\/www.linkedin.com\/company\/coop\u00e9rative-citoyenne-combrailles-durables\/","https:\/\/www.youtube.com\/watch?v=YWw-GFuIsps&amp;amp;amp;amp;amp;list=PLonBK8rvh98W_VSh2nlgNYeloVzJkG61u"]}]}},"_links":{"self":[{"href":"https:\/\/www.combraillesdurables.fr\/index.php\/wp-json\/wp\/v2\/pages\/914","targetHints":{"allow":["GET"]}}],"collection":[{"href":"https:\/\/www.combraillesdurables.fr\/index.php\/wp-json\/wp\/v2\/pages"}],"about":[{"href":"https:\/\/www.combraillesdurables.fr\/index.php\/wp-json\/wp\/v2\/types\/page"}],"author":[{"embeddable":true,"href":"https:\/\/www.combraillesdurables.fr\/index.php\/wp-json\/wp\/v2\/users\/1"}],"replies":[{"embeddable":true,"href":"https:\/\/www.combraillesdurables.fr\/index.php\/wp-json\/wp\/v2\/comments?post=914"}],"version-history":[{"count":22,"href":"https:\/\/www.combraillesdurables.fr\/index.php\/wp-json\/wp\/v2\/pages\/914\/revisions"}],"predecessor-version":[{"id":3824,"href":"https:\/\/www.combraillesdurables.fr\/index.php\/wp-json\/wp\/v2\/pages\/914\/revisions\/3824"}],"wp:attachment":[{"href":"https:\/\/www.combraillesdurables.fr\/index.php\/wp-json\/wp\/v2\/media?parent=914"}],"curies":[{"name":"wp","href":"https:\/\/api.w.org\/{rel}","templated":true}]}}